{"id":26307,"date":"2023-02-22T15:43:49","date_gmt":"2023-02-22T15:43:49","guid":{"rendered":"https:\/\/mademoisellecoline.com\/?page_id=26307"},"modified":"2024-06-11T10:44:19","modified_gmt":"2024-06-11T10:44:19","slug":"au-fil-du-temps","status":"publish","type":"page","link":"https:\/\/mademoisellecoline.com\/fr\/collections-bijoux-faits-main-ethiques-2\/au-fil-du-temps\/","title":{"rendered":"Collection Au Fil du Temps"},"content":{"rendered":"<div class=\"wpb-content-wrapper\"><section class=\"content-section full-width with-col cover rella-no-padding rella-no-margin    content-section-69efc2fac43bd\"><div class=\"row vc_row-fluid\"><div class=\"wpb_column col-md-12\"><section  class=\"content-section full-width with-col cover rella-no-padding rella-no-margin    content-section-69efc2fac45f6\"><div class=\"row vc_row-fluid\"><div class=\"wpb_column col-md-4\"><\/div><div class=\"wpb_column col-md-4\">[vc_single_image image=\u00a0\u00bb27684&Prime; img_size=\u00a0\u00bbfull\u00a0\u00bb]<\/div><div class=\"wpb_column col-md-4\"><\/div><\/div><\/section><section  class=\"content-section full-width with-col cover rella-no-padding rella-no-margin    content-section-69efc2fac478a\"><div class=\"row vc_row-fluid\"><div class=\"wpb_column col-md-4\">[vc_single_image image=\u00a0\u00bb27688&Prime; img_size=\u00a0\u00bbfull\u00a0\u00bb]<\/div><div class=\"wpb_column col-md-4\"><h3  class=\"banner-heading font-alt mb-30 mb-xxs-10\"  style=\"font-size:50;font-weight:400;letter-spacing:1;\">Collection Au Fil du Temps<\/h3><div class=\"section-text text-block align-left\" ><p>Une all\u00e9gorie du temps \u00e9coul\u00e9 et du besoin de recommencer. Une collection qui cherche \u00e0 r\u00e9cup\u00e9rer le pass\u00e9, revenir au point de d\u00e9part pour atteindre le plus pur. Car au d\u00e9but de la cr\u00e9ation, la mati\u00e8re premi\u00e8re, le m\u00e9tal dans son \u00e9tat de mall\u00e9abilit\u00e9 et \u00e0 son point de fusion atteint un moment de puret\u00e9 et de beaut\u00e9 maximale.<br \/>\nUne collection de pi\u00e8ces d\u00e9licates, pures et organiques serties de petits \u00e9clats de couleur.<\/p>\n<\/div><\/div><div class=\"wpb_column col-md-4\"><\/div><\/div><\/section><\/div><\/div><\/section><section  class=\"content-section full-width with-col cover rella-no-padding rella-no-margin    content-section-69efc2fac4a7b\"><div class=\"row vc_row-fluid\"><div class=\"wpb_column col-md-12\"><div class=\"woocommerce columns-3 \"><div class=\"row multi-columns-row\"><div class=\"col-md-4 col-lg-4 mb-60 mb-xs-40\">\n\n\n\t\n\t<div class=\"post-prev-img\">\n\t\t<a href=\"https:\/\/mademoisellecoline.com\/fr\/produit\/bon-cadeau\/\"><img loading=\"lazy\" decoding=\"async\" width=\"600\" height=\"600\" src=\"https:\/\/mademoisellecoline.com\/wp-content\/uploads\/2019\/01\/bon-cadeau-mademoiselle-coline-1-600x600.jpg\" class=\"attachment-woocommerce_thumbnail size-woocommerce_thumbnail\" alt=\"Ch\u00e8que Cadeau\" srcset=\"https:\/\/mademoisellecoline.com\/wp-content\/uploads\/2019\/01\/bon-cadeau-mademoiselle-coline-1-600x600.jpg 600w, https:\/\/mademoisellecoline.com\/wp-content\/uploads\/2019\/01\/bon-cadeau-mademoiselle-coline-1-300x300.jpg 300w, https:\/\/mademoisellecoline.com\/wp-content\/uploads\/2019\/01\/bon-cadeau-mademoiselle-coline-1-1024x1024.jpg 1024w, https:\/\/mademoisellecoline.com\/wp-content\/uploads\/2019\/01\/bon-cadeau-mademoiselle-coline-1-150x150.jpg 150w, https:\/\/mademoisellecoline.com\/wp-content\/uploads\/2019\/01\/bon-cadeau-mademoiselle-coline-1.jpg 1500w\" sizes=\"auto, (max-width: 600px) 100vw, 600px\" \/><\/a>\n\t\t\t<\/div>\n\n\t<div class=\"post-prev-title font-alt align-center\">\n\t\t<a href=\"https:\/\/mademoisellecoline.com\/fr\/produit\/bon-cadeau\/\">Ch\u00e8que Cadeau<\/a>\n\t<\/div>\n\n\t\n\n\n\t<div class=\"post-prev-text align-center\">\n\t\t<span class=\"woocommerce-Price-amount amount\" aria-hidden=\"true\"><bdi>100<span class=\"woocommerce-Price-currencySymbol\">&euro;<\/span><\/bdi><\/span> <span aria-hidden=\"true\">\u00a0\u2013\u00a0<\/span> <span class=\"woocommerce-Price-amount amount\" aria-hidden=\"true\"><bdi>600<span class=\"woocommerce-Price-currencySymbol\">&euro;<\/span><\/bdi><\/span><span class=\"screen-reader-text\">Plage de prix\u00a0: 100&euro; \u00e0 600&euro;<\/span>\t<\/div>\n\n\t<div class=\"post-prev-more align-center\">\n\t\t<a href=\"https:\/\/mademoisellecoline.com\/fr\/produit\/bon-cadeau\/\" rel=\"nofollow\" data-product_id=\"4663\" data-product_sku=\"\" data-quantity=\"1\" class=\"btn btn-mod btn-gray btn-round add_to_cart_button product_type_variable\"><i class=\"fa fa-shopping-cart\"><\/i> Choix des options<\/a>\t<\/div>\n\t\n<\/div><div class=\"col-md-4 col-lg-4 mb-60 mb-xs-40\">\n\n\n\t\n\t<div class=\"post-prev-img\">\n\t\t<a href=\"https:\/\/mademoisellecoline.com\/fr\/produit\/collier-essence\/\"><img loading=\"lazy\" decoding=\"async\" width=\"600\" height=\"600\" src=\"https:\/\/mademoisellecoline.com\/wp-content\/uploads\/2023\/04\/collar-oro-reciclado-mademoiselle-coline-sostenible-600x600.jpg\" class=\"attachment-woocommerce_thumbnail size-woocommerce_thumbnail\" alt=\"Collier en or avec pendentif organique et pierre aigue-marine\" srcset=\"https:\/\/mademoisellecoline.com\/wp-content\/uploads\/2023\/04\/collar-oro-reciclado-mademoiselle-coline-sostenible-600x600.jpg 600w, https:\/\/mademoisellecoline.com\/wp-content\/uploads\/2023\/04\/collar-oro-reciclado-mademoiselle-coline-sostenible-300x300.jpg 300w, https:\/\/mademoisellecoline.com\/wp-content\/uploads\/2023\/04\/collar-oro-reciclado-mademoiselle-coline-sostenible-1024x1024.jpg 1024w, https:\/\/mademoisellecoline.com\/wp-content\/uploads\/2023\/04\/collar-oro-reciclado-mademoiselle-coline-sostenible-150x150.jpg 150w, https:\/\/mademoisellecoline.com\/wp-content\/uploads\/2023\/04\/collar-oro-reciclado-mademoiselle-coline-sostenible.jpg 1455w\" sizes=\"auto, (max-width: 600px) 100vw, 600px\" \/><\/a>\n\t\t\t<\/div>\n\n\t<div class=\"post-prev-title font-alt align-center\">\n\t\t<a href=\"https:\/\/mademoisellecoline.com\/fr\/produit\/collier-essence\/\">Collier Essence<\/a>\n\t<\/div>\n\n\t\n\n\n\t<div class=\"post-prev-text align-center\">\n\t\t<span class=\"woocommerce-Price-amount amount\" aria-hidden=\"true\"><bdi>145<span class=\"woocommerce-Price-currencySymbol\">&euro;<\/span><\/bdi><\/span> <span aria-hidden=\"true\">\u00a0\u2013\u00a0<\/span> <span class=\"woocommerce-Price-amount amount\" aria-hidden=\"true\"><bdi>867<span class=\"woocommerce-Price-currencySymbol\">&euro;<\/span><\/bdi><\/span><span class=\"screen-reader-text\">Plage de prix\u00a0: 145&euro; \u00e0 867&euro;<\/span>\t<\/div>\n\n\t<div class=\"post-prev-more align-center\">\n\t\t<a href=\"https:\/\/mademoisellecoline.com\/fr\/produit\/collier-essence\/\" rel=\"nofollow\" data-product_id=\"26340\" data-product_sku=\"\" data-quantity=\"1\" class=\"btn btn-mod btn-gray btn-round add_to_cart_button product_type_variable\"><i class=\"fa fa-shopping-cart\"><\/i> Choix des options<\/a>\t<\/div>\n\t\n<\/div><div class=\"col-md-4 col-lg-4 mb-60 mb-xs-40\">\n\n\n\t\n\t<div class=\"post-prev-img\">\n\t\t<a href=\"https:\/\/mademoisellecoline.com\/fr\/produit\/bracelet-etre\/\"><img loading=\"lazy\" decoding=\"async\" width=\"600\" height=\"600\" src=\"https:\/\/mademoisellecoline.com\/wp-content\/uploads\/2023\/03\/pulsera-oro-reciclado-mademoiselle-coline-600x600.jpg\" class=\"attachment-woocommerce_thumbnail size-woocommerce_thumbnail\" alt=\"Bracelet fin en or avec d\u00e9tail organique\" srcset=\"https:\/\/mademoisellecoline.com\/wp-content\/uploads\/2023\/03\/pulsera-oro-reciclado-mademoiselle-coline-600x600.jpg 600w, https:\/\/mademoisellecoline.com\/wp-content\/uploads\/2023\/03\/pulsera-oro-reciclado-mademoiselle-coline-300x300.jpg 300w, https:\/\/mademoisellecoline.com\/wp-content\/uploads\/2023\/03\/pulsera-oro-reciclado-mademoiselle-coline-1024x1024.jpg 1024w, https:\/\/mademoisellecoline.com\/wp-content\/uploads\/2023\/03\/pulsera-oro-reciclado-mademoiselle-coline-150x150.jpg 150w, https:\/\/mademoisellecoline.com\/wp-content\/uploads\/2023\/03\/pulsera-oro-reciclado-mademoiselle-coline.jpg 1500w\" sizes=\"auto, (max-width: 600px) 100vw, 600px\" \/><\/a>\n\t\t\t<\/div>\n\n\t<div class=\"post-prev-title font-alt align-center\">\n\t\t<a href=\"https:\/\/mademoisellecoline.com\/fr\/produit\/bracelet-etre\/\">Bracelet \u00catre<\/a>\n\t<\/div>\n\n\t\n\n\n\t<div class=\"post-prev-text align-center\">\n\t\t<span class=\"woocommerce-Price-amount amount\" aria-hidden=\"true\"><bdi>120<span class=\"woocommerce-Price-currencySymbol\">&euro;<\/span><\/bdi><\/span> <span aria-hidden=\"true\">\u00a0\u2013\u00a0<\/span> <span class=\"woocommerce-Price-amount amount\" aria-hidden=\"true\"><bdi>468<span class=\"woocommerce-Price-currencySymbol\">&euro;<\/span><\/bdi><\/span><span class=\"screen-reader-text\">Plage de prix\u00a0: 120&euro; \u00e0 468&euro;<\/span>\t<\/div>\n\n\t<div class=\"post-prev-more align-center\">\n\t\t<a href=\"https:\/\/mademoisellecoline.com\/fr\/produit\/bracelet-etre\/\" rel=\"nofollow\" data-product_id=\"26359\" data-product_sku=\"\" data-quantity=\"1\" class=\"btn btn-mod btn-gray btn-round add_to_cart_button product_type_variable\"><i class=\"fa fa-shopping-cart\"><\/i> Choix des options<\/a>\t<\/div>\n\t\n<\/div><div class=\"col-md-4 col-lg-4 mb-60 mb-xs-40\">\n\n\n\t\n\t<div class=\"post-prev-img\">\n\t\t<a href=\"https:\/\/mademoisellecoline.com\/fr\/produit\/boucles-doreilles-etre\/\"><img loading=\"lazy\" decoding=\"async\" width=\"600\" height=\"600\" src=\"https:\/\/mademoisellecoline.com\/wp-content\/uploads\/2023\/03\/pendientes-oro-reciclado-mademoiselle-coline-turmalina-mini-600x600.jpg\" class=\"attachment-woocommerce_thumbnail size-woocommerce_thumbnail\" alt=\"Boucles d&#039;oreilles \u00catre\" srcset=\"https:\/\/mademoisellecoline.com\/wp-content\/uploads\/2023\/03\/pendientes-oro-reciclado-mademoiselle-coline-turmalina-mini-600x600.jpg 600w, https:\/\/mademoisellecoline.com\/wp-content\/uploads\/2023\/03\/pendientes-oro-reciclado-mademoiselle-coline-turmalina-mini-300x300.jpg 300w, https:\/\/mademoisellecoline.com\/wp-content\/uploads\/2023\/03\/pendientes-oro-reciclado-mademoiselle-coline-turmalina-mini-1024x1024.jpg 1024w, https:\/\/mademoisellecoline.com\/wp-content\/uploads\/2023\/03\/pendientes-oro-reciclado-mademoiselle-coline-turmalina-mini-150x150.jpg 150w, https:\/\/mademoisellecoline.com\/wp-content\/uploads\/2023\/03\/pendientes-oro-reciclado-mademoiselle-coline-turmalina-mini.jpg 1500w\" sizes=\"auto, (max-width: 600px) 100vw, 600px\" \/><\/a>\n\t\t\t<\/div>\n\n\t<div class=\"post-prev-title font-alt align-center\">\n\t\t<a href=\"https:\/\/mademoisellecoline.com\/fr\/produit\/boucles-doreilles-etre\/\">Boucles d&rsquo;oreilles \u00catre<\/a>\n\t<\/div>\n\n\t\n\n\n\t<div class=\"post-prev-text align-center\">\n\t\t<span class=\"woocommerce-Price-amount amount\" aria-hidden=\"true\"><bdi>150<span class=\"woocommerce-Price-currencySymbol\">&euro;<\/span><\/bdi><\/span> <span aria-hidden=\"true\">\u00a0\u2013\u00a0<\/span> <span class=\"woocommerce-Price-amount amount\" aria-hidden=\"true\"><bdi>644<span class=\"woocommerce-Price-currencySymbol\">&euro;<\/span><\/bdi><\/span><span class=\"screen-reader-text\">Plage de prix\u00a0: 150&euro; \u00e0 644&euro;<\/span>\t<\/div>\n\n\t<div class=\"post-prev-more align-center\">\n\t\t<a href=\"https:\/\/mademoisellecoline.com\/fr\/produit\/boucles-doreilles-etre\/\" rel=\"nofollow\" data-product_id=\"26350\" data-product_sku=\"\" data-quantity=\"1\" class=\"btn btn-mod btn-gray btn-round add_to_cart_button product_type_variable\"><i class=\"fa fa-shopping-cart\"><\/i> Choix des options<\/a>\t<\/div>\n\t\n<\/div><div class=\"col-md-4 col-lg-4 mb-60 mb-xs-40\">\n\n\n\t\n\t<div class=\"post-prev-img\">\n\t\t<a href=\"https:\/\/mademoisellecoline.com\/fr\/produit\/boucles-doreilles-pure\/\"><img loading=\"lazy\" decoding=\"async\" width=\"600\" height=\"600\" src=\"https:\/\/mademoisellecoline.com\/wp-content\/uploads\/2023\/04\/pendientes-oro-reciclado-mademoiselle-coline-sostenible-600x600.jpg\" class=\"attachment-woocommerce_thumbnail size-woocommerce_thumbnail\" alt=\"Boucles d\u2019oreilles en or \u00e0 forme organique et mouvement suspendu\" srcset=\"https:\/\/mademoisellecoline.com\/wp-content\/uploads\/2023\/04\/pendientes-oro-reciclado-mademoiselle-coline-sostenible-600x600.jpg 600w, https:\/\/mademoisellecoline.com\/wp-content\/uploads\/2023\/04\/pendientes-oro-reciclado-mademoiselle-coline-sostenible-300x300.jpg 300w, https:\/\/mademoisellecoline.com\/wp-content\/uploads\/2023\/04\/pendientes-oro-reciclado-mademoiselle-coline-sostenible-1024x1024.jpg 1024w, https:\/\/mademoisellecoline.com\/wp-content\/uploads\/2023\/04\/pendientes-oro-reciclado-mademoiselle-coline-sostenible-150x150.jpg 150w, https:\/\/mademoisellecoline.com\/wp-content\/uploads\/2023\/04\/pendientes-oro-reciclado-mademoiselle-coline-sostenible.jpg 1500w\" sizes=\"auto, (max-width: 600px) 100vw, 600px\" \/><\/a>\n\t\t\t<\/div>\n\n\t<div class=\"post-prev-title font-alt align-center\">\n\t\t<a href=\"https:\/\/mademoisellecoline.com\/fr\/produit\/boucles-doreilles-pure\/\">Boucles d&rsquo;oreilles Pure<\/a>\n\t<\/div>\n\n\t\n\n\n\t<div class=\"post-prev-text align-center\">\n\t\t<span class=\"woocommerce-Price-amount amount\" aria-hidden=\"true\"><bdi>165<span class=\"woocommerce-Price-currencySymbol\">&euro;<\/span><\/bdi><\/span> <span aria-hidden=\"true\">\u00a0\u2013\u00a0<\/span> <span class=\"woocommerce-Price-amount amount\" aria-hidden=\"true\"><bdi>724<span class=\"woocommerce-Price-currencySymbol\">&euro;<\/span><\/bdi><\/span><span class=\"screen-reader-text\">Plage de prix\u00a0: 165&euro; \u00e0 724&euro;<\/span>\t<\/div>\n\n\t<div class=\"post-prev-more align-center\">\n\t\t<a href=\"https:\/\/mademoisellecoline.com\/fr\/produit\/boucles-doreilles-pure\/\" rel=\"nofollow\" data-product_id=\"26354\" data-product_sku=\"\" data-quantity=\"1\" class=\"btn btn-mod btn-gray btn-round add_to_cart_button product_type_variable\"><i class=\"fa fa-shopping-cart\"><\/i> Choix des options<\/a>\t<\/div>\n\t\n<\/div><div class=\"col-md-4 col-lg-4 mb-60 mb-xs-40\">\n\n\n\t\n\t<div class=\"post-prev-img\">\n\t\t<a href=\"https:\/\/mademoisellecoline.com\/fr\/produit\/collier-etre\/\"><img loading=\"lazy\" decoding=\"async\" width=\"600\" height=\"600\" src=\"https:\/\/mademoisellecoline.com\/wp-content\/uploads\/2023\/03\/collar-oro-reciclado-mademoiselle-coline-esmeralda-600x600.jpg\" class=\"attachment-woocommerce_thumbnail size-woocommerce_thumbnail\" alt=\"Collier en or avec petit pendentif de forme organique et \u00e9meraude\" srcset=\"https:\/\/mademoisellecoline.com\/wp-content\/uploads\/2023\/03\/collar-oro-reciclado-mademoiselle-coline-esmeralda-600x600.jpg 600w, https:\/\/mademoisellecoline.com\/wp-content\/uploads\/2023\/03\/collar-oro-reciclado-mademoiselle-coline-esmeralda-300x300.jpg 300w, https:\/\/mademoisellecoline.com\/wp-content\/uploads\/2023\/03\/collar-oro-reciclado-mademoiselle-coline-esmeralda-1024x1024.jpg 1024w, https:\/\/mademoisellecoline.com\/wp-content\/uploads\/2023\/03\/collar-oro-reciclado-mademoiselle-coline-esmeralda-150x150.jpg 150w, https:\/\/mademoisellecoline.com\/wp-content\/uploads\/2023\/03\/collar-oro-reciclado-mademoiselle-coline-esmeralda.jpg 1500w\" sizes=\"auto, (max-width: 600px) 100vw, 600px\" \/><\/a>\n\t\t\t<\/div>\n\n\t<div class=\"post-prev-title font-alt align-center\">\n\t\t<a href=\"https:\/\/mademoisellecoline.com\/fr\/produit\/collier-etre\/\">Collier \u00catre<\/a>\n\t<\/div>\n\n\t\n\n\n\t<div class=\"post-prev-text align-center\">\n\t\t<span class=\"woocommerce-Price-amount amount\" aria-hidden=\"true\"><bdi>125<span class=\"woocommerce-Price-currencySymbol\">&euro;<\/span><\/bdi><\/span> <span aria-hidden=\"true\">\u00a0\u2013\u00a0<\/span> <span class=\"woocommerce-Price-amount amount\" aria-hidden=\"true\"><bdi>689<span class=\"woocommerce-Price-currencySymbol\">&euro;<\/span><\/bdi><\/span><span class=\"screen-reader-text\">Plage de prix\u00a0: 125&euro; \u00e0 689&euro;<\/span>\t<\/div>\n\n\t<div class=\"post-prev-more align-center\">\n\t\t<a href=\"https:\/\/mademoisellecoline.com\/fr\/produit\/collier-etre\/\" rel=\"nofollow\" data-product_id=\"26333\" data-product_sku=\"\" data-quantity=\"1\" class=\"btn btn-mod btn-gray btn-round add_to_cart_button product_type_variable\"><i class=\"fa fa-shopping-cart\"><\/i> Choix des options<\/a>\t<\/div>\n\t\n<\/div><div class=\"col-md-4 col-lg-4 mb-60 mb-xs-40\">\n\n\n\t\n\t<div class=\"post-prev-img\">\n\t\t<a href=\"https:\/\/mademoisellecoline.com\/fr\/produit\/pendentif-pure\/\"><img loading=\"lazy\" decoding=\"async\" width=\"600\" height=\"600\" src=\"https:\/\/mademoisellecoline.com\/wp-content\/uploads\/2023\/09\/pendentif-or-faitmain-durable-mademoiselle-coline-or-600x600.jpg\" class=\"attachment-woocommerce_thumbnail size-woocommerce_thumbnail\" alt=\"Pendentif Pure\" srcset=\"https:\/\/mademoisellecoline.com\/wp-content\/uploads\/2023\/09\/pendentif-or-faitmain-durable-mademoiselle-coline-or-600x600.jpg 600w, https:\/\/mademoisellecoline.com\/wp-content\/uploads\/2023\/09\/pendentif-or-faitmain-durable-mademoiselle-coline-or-300x300.jpg 300w, https:\/\/mademoisellecoline.com\/wp-content\/uploads\/2023\/09\/pendentif-or-faitmain-durable-mademoiselle-coline-or-1024x1024.jpg 1024w, https:\/\/mademoisellecoline.com\/wp-content\/uploads\/2023\/09\/pendentif-or-faitmain-durable-mademoiselle-coline-or-150x150.jpg 150w, https:\/\/mademoisellecoline.com\/wp-content\/uploads\/2023\/09\/pendentif-or-faitmain-durable-mademoiselle-coline-or.jpg 1500w\" sizes=\"auto, (max-width: 600px) 100vw, 600px\" \/><\/a>\n\t\t\t<\/div>\n\n\t<div class=\"post-prev-title font-alt align-center\">\n\t\t<a href=\"https:\/\/mademoisellecoline.com\/fr\/produit\/pendentif-pure\/\">Pendentif Pure<\/a>\n\t<\/div>\n\n\t\n\n\n\t<div class=\"post-prev-text align-center\">\n\t\t<span class=\"woocommerce-Price-amount amount\" aria-hidden=\"true\"><bdi>305<span class=\"woocommerce-Price-currencySymbol\">&euro;<\/span><\/bdi><\/span> <span aria-hidden=\"true\">\u00a0\u2013\u00a0<\/span> <span class=\"woocommerce-Price-amount amount\" aria-hidden=\"true\"><bdi>1.661<span class=\"woocommerce-Price-currencySymbol\">&euro;<\/span><\/bdi><\/span><span class=\"screen-reader-text\">Plage de prix\u00a0: 305&euro; \u00e0 1.661&euro;<\/span>\t<\/div>\n\n\t<div class=\"post-prev-more align-center\">\n\t\t<a href=\"https:\/\/mademoisellecoline.com\/fr\/produit\/pendentif-pure\/\" rel=\"nofollow\" data-product_id=\"31183\" data-product_sku=\"\" data-quantity=\"1\" class=\"btn btn-mod btn-gray btn-round add_to_cart_button product_type_variable\"><i class=\"fa fa-shopping-cart\"><\/i> Choix des options<\/a>\t<\/div>\n\t\n<\/div><div class=\"col-md-4 col-lg-4 mb-60 mb-xs-40\">\n\n\n\t\n\t<div class=\"post-prev-img\">\n\t\t<a href=\"https:\/\/mademoisellecoline.com\/fr\/produit\/bague-essence\/\"><img loading=\"lazy\" decoding=\"async\" width=\"600\" height=\"600\" src=\"https:\/\/mademoisellecoline.com\/wp-content\/uploads\/2023\/03\/anillos-oro-reciclado-mademoiselle-coline-sostenible-esmeralda-turmalina-aguamarina-600x600.jpg\" class=\"attachment-woocommerce_thumbnail size-woocommerce_thumbnail\" alt=\"Bague en or au design organique avec pierres \u00e9meraude, tourmaline rose ou aigue-marine\" srcset=\"https:\/\/mademoisellecoline.com\/wp-content\/uploads\/2023\/03\/anillos-oro-reciclado-mademoiselle-coline-sostenible-esmeralda-turmalina-aguamarina-600x600.jpg 600w, https:\/\/mademoisellecoline.com\/wp-content\/uploads\/2023\/03\/anillos-oro-reciclado-mademoiselle-coline-sostenible-esmeralda-turmalina-aguamarina-300x300.jpg 300w, https:\/\/mademoisellecoline.com\/wp-content\/uploads\/2023\/03\/anillos-oro-reciclado-mademoiselle-coline-sostenible-esmeralda-turmalina-aguamarina-1024x1024.jpg 1024w, https:\/\/mademoisellecoline.com\/wp-content\/uploads\/2023\/03\/anillos-oro-reciclado-mademoiselle-coline-sostenible-esmeralda-turmalina-aguamarina-150x150.jpg 150w, https:\/\/mademoisellecoline.com\/wp-content\/uploads\/2023\/03\/anillos-oro-reciclado-mademoiselle-coline-sostenible-esmeralda-turmalina-aguamarina.jpg 1120w\" sizes=\"auto, (max-width: 600px) 100vw, 600px\" \/><\/a>\n\t\t\t<\/div>\n\n\t<div class=\"post-prev-title font-alt align-center\">\n\t\t<a href=\"https:\/\/mademoisellecoline.com\/fr\/produit\/bague-essence\/\">Bague Essence<\/a>\n\t<\/div>\n\n\t\n\n\n\t<div class=\"post-prev-text align-center\">\n\t\t<span class=\"woocommerce-Price-amount amount\" aria-hidden=\"true\"><bdi>150<span class=\"woocommerce-Price-currencySymbol\">&euro;<\/span><\/bdi><\/span> <span aria-hidden=\"true\">\u00a0\u2013\u00a0<\/span> <span class=\"woocommerce-Price-amount amount\" aria-hidden=\"true\"><bdi>754<span class=\"woocommerce-Price-currencySymbol\">&euro;<\/span><\/bdi><\/span><span class=\"screen-reader-text\">Plage de prix\u00a0: 150&euro; \u00e0 754&euro;<\/span>\t<\/div>\n\n\t<div class=\"post-prev-more align-center\">\n\t\t<a href=\"https:\/\/mademoisellecoline.com\/fr\/produit\/bague-essence\/\" rel=\"nofollow\" data-product_id=\"26344\" data-product_sku=\"\" data-quantity=\"1\" class=\"btn btn-mod btn-gray btn-round add_to_cart_button product_type_variable\"><i class=\"fa fa-shopping-cart\"><\/i> Choix des options<\/a>\t<\/div>\n\t\n<\/div><div class=\"col-md-4 col-lg-4 mb-60 mb-xs-40\">\n\n\n\t\n\t<div class=\"post-prev-img\">\n\t\t<a href=\"https:\/\/mademoisellecoline.com\/fr\/produit\/collier-etre-pure\/\"><img loading=\"lazy\" decoding=\"async\" width=\"600\" height=\"600\" src=\"https:\/\/mademoisellecoline.com\/wp-content\/uploads\/2023\/03\/collar-oro-reciclado-mademoiselle-coline-collar-esmeralda-turmalina-600x600.jpg\" class=\"attachment-woocommerce_thumbnail size-woocommerce_thumbnail\" alt=\"Collier en or avec pendentifs organiques, \u00e9meraude verte et tourmaline rose\" srcset=\"https:\/\/mademoisellecoline.com\/wp-content\/uploads\/2023\/03\/collar-oro-reciclado-mademoiselle-coline-collar-esmeralda-turmalina-600x600.jpg 600w, https:\/\/mademoisellecoline.com\/wp-content\/uploads\/2023\/03\/collar-oro-reciclado-mademoiselle-coline-collar-esmeralda-turmalina-300x300.jpg 300w, https:\/\/mademoisellecoline.com\/wp-content\/uploads\/2023\/03\/collar-oro-reciclado-mademoiselle-coline-collar-esmeralda-turmalina-1024x1024.jpg 1024w, https:\/\/mademoisellecoline.com\/wp-content\/uploads\/2023\/03\/collar-oro-reciclado-mademoiselle-coline-collar-esmeralda-turmalina-150x150.jpg 150w, https:\/\/mademoisellecoline.com\/wp-content\/uploads\/2023\/03\/collar-oro-reciclado-mademoiselle-coline-collar-esmeralda-turmalina.jpg 1500w\" sizes=\"auto, (max-width: 600px) 100vw, 600px\" \/><\/a>\n\t\t\t<\/div>\n\n\t<div class=\"post-prev-title font-alt align-center\">\n\t\t<a href=\"https:\/\/mademoisellecoline.com\/fr\/produit\/collier-etre-pure\/\">Collier \u00catre Pure<\/a>\n\t<\/div>\n\n\t\n\n\n\t<div class=\"post-prev-text align-center\">\n\t\t<span class=\"woocommerce-Price-amount amount\" aria-hidden=\"true\"><bdi>230<span class=\"woocommerce-Price-currencySymbol\">&euro;<\/span><\/bdi><\/span> <span aria-hidden=\"true\">\u00a0\u2013\u00a0<\/span> <span class=\"woocommerce-Price-amount amount\" aria-hidden=\"true\"><bdi>1.092<span class=\"woocommerce-Price-currencySymbol\">&euro;<\/span><\/bdi><\/span><span class=\"screen-reader-text\">Plage de prix\u00a0: 230&euro; \u00e0 1.092&euro;<\/span>\t<\/div>\n\n\t<div class=\"post-prev-more align-center\">\n\t\t<a href=\"https:\/\/mademoisellecoline.com\/fr\/produit\/collier-etre-pure\/\" rel=\"nofollow\" data-product_id=\"26384\" data-product_sku=\"\" data-quantity=\"1\" class=\"btn btn-mod btn-gray btn-round add_to_cart_button product_type_variable\"><i class=\"fa fa-shopping-cart\"><\/i> Choix des options<\/a>\t<\/div>\n\t\n<\/div><div class=\"col-md-4 col-lg-4 mb-60 mb-xs-40\">\n\n\n\t\n\t<div class=\"post-prev-img\">\n\t\t<a href=\"https:\/\/mademoisellecoline.com\/fr\/produit\/collier-pure\/\"><img loading=\"lazy\" decoding=\"async\" width=\"600\" height=\"600\" src=\"https:\/\/mademoisellecoline.com\/wp-content\/uploads\/2023\/03\/collares-oro-reciclado-mademoiselle-coline-600x600.jpg\" class=\"attachment-woocommerce_thumbnail size-woocommerce_thumbnail\" alt=\"Collier Pure\" srcset=\"https:\/\/mademoisellecoline.com\/wp-content\/uploads\/2023\/03\/collares-oro-reciclado-mademoiselle-coline-600x600.jpg 600w, https:\/\/mademoisellecoline.com\/wp-content\/uploads\/2023\/03\/collares-oro-reciclado-mademoiselle-coline-300x300.jpg 300w, https:\/\/mademoisellecoline.com\/wp-content\/uploads\/2023\/03\/collares-oro-reciclado-mademoiselle-coline-1024x1024.jpg 1024w, https:\/\/mademoisellecoline.com\/wp-content\/uploads\/2023\/03\/collares-oro-reciclado-mademoiselle-coline-150x150.jpg 150w, https:\/\/mademoisellecoline.com\/wp-content\/uploads\/2023\/03\/collares-oro-reciclado-mademoiselle-coline-367x367.jpg 367w, https:\/\/mademoisellecoline.com\/wp-content\/uploads\/2023\/03\/collares-oro-reciclado-mademoiselle-coline.jpg 1500w\" sizes=\"auto, (max-width: 600px) 100vw, 600px\" \/><\/a>\n\t\t\t<\/div>\n\n\t<div class=\"post-prev-title font-alt align-center\">\n\t\t<a href=\"https:\/\/mademoisellecoline.com\/fr\/produit\/collier-pure\/\">Collier Pure<\/a>\n\t<\/div>\n\n\t\n\n\n\t<div class=\"post-prev-text align-center\">\n\t\t<span class=\"woocommerce-Price-amount amount\" aria-hidden=\"true\"><bdi>135<span class=\"woocommerce-Price-currencySymbol\">&euro;<\/span><\/bdi><\/span> <span aria-hidden=\"true\">\u00a0\u2013\u00a0<\/span> <span class=\"woocommerce-Price-amount amount\" aria-hidden=\"true\"><bdi>828<span class=\"woocommerce-Price-currencySymbol\">&euro;<\/span><\/bdi><\/span><span class=\"screen-reader-text\">Plage de prix\u00a0: 135&euro; \u00e0 828&euro;<\/span>\t<\/div>\n\n\t<div class=\"post-prev-more align-center\">\n\t\t<a href=\"https:\/\/mademoisellecoline.com\/fr\/produit\/collier-pure\/\" rel=\"nofollow\" data-product_id=\"26337\" data-product_sku=\"\" data-quantity=\"1\" class=\"btn btn-mod btn-gray btn-round add_to_cart_button product_type_variable\"><i class=\"fa fa-shopping-cart\"><\/i> Choix des options<\/a>\t<\/div>\n\t\n<\/div><\/div><\/div><\/div><\/div><\/section>\n<\/div>","protected":false},"excerpt":{"rendered":"[vc_single_image image=\"27684\" img_size=\"full\"][vc_single_image image=\"27688\" img_size=\"full\"]Collection Au Fil du TempsUne all\u00e9gorie du temps \u00e9coul\u00e9 et du besoin de recommencer. Une collection qui cherche \u00e0 r\u00e9cup\u00e9rer le pass\u00e9, revenir au point de d\u00e9part pour atteindre le plus pur. Car au d\u00e9but de la cr\u00e9ation, la mati\u00e8re premi\u00e8re, le m\u00e9tal dans son \u00e9tat de mall\u00e9abilit\u00e9 et \u00e0 son","protected":false},"author":2,"featured_media":31532,"parent":18011,"menu_order":0,"comment_status":"closed","ping_status":"closed","template":"","meta":{"_joinchat":[],"footnotes":""},"class_list":["post-26307","page","type-page","status-publish","has-post-thumbnail","hentry"],"yoast_head":"<!-- This site is optimized with the Yoast SEO plugin v27.4 - https:\/\/yoast.com\/product\/yoast-seo-wordpress\/ -->\n<title>Bijoux artisanaux \u00e9thiques Barcelona Paris | Mademoiselle Coline<\/title>\n<meta name=\"description\" content=\"Collection de bijoux artisanaux \u00e9thiques et organiques. M\u00e9taux recycl\u00e9s \u00e9cologiques. Entre Barcelone et Paris.\" \/>\n<meta name=\"robots\" content=\"index, follow, max-snippet:-1, max-image-preview:large, max-video-preview:-1\" \/>\n<link rel=\"canonical\" href=\"https:\/\/mademoisellecoline.com\/fr\/collections-bijoux-faits-main-ethiques-2\/au-fil-du-temps\/\" \/>\n<meta property=\"og:locale\" content=\"fr_FR\" \/>\n<meta property=\"og:type\" content=\"article\" \/>\n<meta property=\"og:title\" content=\"Bijoux artisanaux \u00e9thiques Barcelona Paris | Mademoiselle Coline\" \/>\n<meta property=\"og:description\" content=\"Collection de bijoux artisanaux \u00e9thiques et organiques. M\u00e9taux recycl\u00e9s \u00e9cologiques. Entre Barcelone et Paris.\" \/>\n<meta property=\"og:url\" content=\"https:\/\/mademoisellecoline.com\/fr\/collections-bijoux-faits-main-ethiques-2\/au-fil-du-temps\/\" \/>\n<meta property=\"og:site_name\" content=\"Mademoiselle Coline\" \/>\n<meta property=\"article:publisher\" content=\"https:\/\/www.facebook.com\/mademoisellecoline\" \/>\n<meta property=\"article:modified_time\" content=\"2024-06-11T10:44:19+00:00\" \/>\n<meta property=\"og:image\" content=\"https:\/\/mademoisellecoline.com\/wp-content\/uploads\/2023\/11\/faitmain-bijoux-handmade-jewelry-hechaamano-joyeria-mademoiselle-coline.jpg\" \/>\n\t<meta property=\"og:image:width\" content=\"1320\" \/>\n\t<meta property=\"og:image:height\" content=\"990\" \/>\n\t<meta property=\"og:image:type\" content=\"image\/jpeg\" \/>\n<meta name=\"twitter:card\" content=\"summary_large_image\" \/>\n<meta name=\"twitter:label1\" content=\"Dur\u00e9e de lecture estim\u00e9e\" \/>\n\t<meta name=\"twitter:data1\" content=\"1 minute\" \/>\n<script type=\"application\/ld+json\" class=\"yoast-schema-graph\">{\"@context\":\"https:\\\/\\\/schema.org\",\"@graph\":[{\"@type\":\"WebPage\",\"@id\":\"https:\\\/\\\/mademoisellecoline.com\\\/fr\\\/collections-bijoux-faits-main-ethiques-2\\\/au-fil-du-temps\\\/\",\"url\":\"https:\\\/\\\/mademoisellecoline.com\\\/fr\\\/collections-bijoux-faits-main-ethiques-2\\\/au-fil-du-temps\\\/\",\"name\":\"Bijoux artisanaux \u00e9thiques Barcelona Paris | Mademoiselle Coline\",\"isPartOf\":{\"@id\":\"https:\\\/\\\/mademoisellecoline.com\\\/en\\\/#website\"},\"primaryImageOfPage\":{\"@id\":\"https:\\\/\\\/mademoisellecoline.com\\\/fr\\\/collections-bijoux-faits-main-ethiques-2\\\/au-fil-du-temps\\\/#primaryimage\"},\"image\":{\"@id\":\"https:\\\/\\\/mademoisellecoline.com\\\/fr\\\/collections-bijoux-faits-main-ethiques-2\\\/au-fil-du-temps\\\/#primaryimage\"},\"thumbnailUrl\":\"https:\\\/\\\/mademoisellecoline.com\\\/wp-content\\\/uploads\\\/2023\\\/11\\\/faitmain-bijoux-handmade-jewelry-hechaamano-joyeria-mademoiselle-coline.jpg\",\"datePublished\":\"2023-02-22T15:43:49+00:00\",\"dateModified\":\"2024-06-11T10:44:19+00:00\",\"description\":\"Collection de bijoux artisanaux \u00e9thiques et organiques. M\u00e9taux recycl\u00e9s \u00e9cologiques. Entre Barcelone et Paris.\",\"breadcrumb\":{\"@id\":\"https:\\\/\\\/mademoisellecoline.com\\\/fr\\\/collections-bijoux-faits-main-ethiques-2\\\/au-fil-du-temps\\\/#breadcrumb\"},\"inLanguage\":\"fr-FR\",\"potentialAction\":[{\"@type\":\"ReadAction\",\"target\":[\"https:\\\/\\\/mademoisellecoline.com\\\/fr\\\/collections-bijoux-faits-main-ethiques-2\\\/au-fil-du-temps\\\/\"]}]},{\"@type\":\"ImageObject\",\"inLanguage\":\"fr-FR\",\"@id\":\"https:\\\/\\\/mademoisellecoline.com\\\/fr\\\/collections-bijoux-faits-main-ethiques-2\\\/au-fil-du-temps\\\/#primaryimage\",\"url\":\"https:\\\/\\\/mademoisellecoline.com\\\/wp-content\\\/uploads\\\/2023\\\/11\\\/faitmain-bijoux-handmade-jewelry-hechaamano-joyeria-mademoiselle-coline.jpg\",\"contentUrl\":\"https:\\\/\\\/mademoisellecoline.com\\\/wp-content\\\/uploads\\\/2023\\\/11\\\/faitmain-bijoux-handmade-jewelry-hechaamano-joyeria-mademoiselle-coline.jpg\",\"width\":1320,\"height\":990},{\"@type\":\"BreadcrumbList\",\"@id\":\"https:\\\/\\\/mademoisellecoline.com\\\/fr\\\/collections-bijoux-faits-main-ethiques-2\\\/au-fil-du-temps\\\/#breadcrumb\",\"itemListElement\":[{\"@type\":\"ListItem\",\"position\":1,\"name\":\"Portada\",\"item\":\"https:\\\/\\\/mademoisellecoline.com\\\/fr\\\/\"},{\"@type\":\"ListItem\",\"position\":2,\"name\":\"Collections\",\"item\":\"https:\\\/\\\/mademoisellecoline.com\\\/fr\\\/collections-bijoux-faits-main-ethiques-2\\\/\"},{\"@type\":\"ListItem\",\"position\":3,\"name\":\"Collection Au Fil du Temps\"}]},{\"@type\":\"WebSite\",\"@id\":\"https:\\\/\\\/mademoisellecoline.com\\\/en\\\/#website\",\"url\":\"https:\\\/\\\/mademoisellecoline.com\\\/en\\\/\",\"name\":\"Mademoiselle Coline\",\"description\":\"Joyas delicadas, c\u00e1lidas y arm\u00f3nicas\",\"publisher\":{\"@id\":\"https:\\\/\\\/mademoisellecoline.com\\\/en\\\/#\\\/schema\\\/person\\\/a87a3358725ddb0d57e86600da53e416\"},\"potentialAction\":[{\"@type\":\"SearchAction\",\"target\":{\"@type\":\"EntryPoint\",\"urlTemplate\":\"https:\\\/\\\/mademoisellecoline.com\\\/en\\\/?s={search_term_string}\"},\"query-input\":{\"@type\":\"PropertyValueSpecification\",\"valueRequired\":true,\"valueName\":\"search_term_string\"}}],\"inLanguage\":\"fr-FR\"},{\"@type\":[\"Person\",\"Organization\"],\"@id\":\"https:\\\/\\\/mademoisellecoline.com\\\/en\\\/#\\\/schema\\\/person\\\/a87a3358725ddb0d57e86600da53e416\",\"name\":\"Mademoiselle Coline\",\"image\":{\"@type\":\"ImageObject\",\"inLanguage\":\"fr-FR\",\"@id\":\"https:\\\/\\\/mademoisellecoline.com\\\/wp-content\\\/uploads\\\/2024\\\/01\\\/ColineNeg.jpg\",\"url\":\"https:\\\/\\\/mademoisellecoline.com\\\/wp-content\\\/uploads\\\/2024\\\/01\\\/ColineNeg.jpg\",\"contentUrl\":\"https:\\\/\\\/mademoisellecoline.com\\\/wp-content\\\/uploads\\\/2024\\\/01\\\/ColineNeg.jpg\",\"width\":584,\"height\":349,\"caption\":\"Mademoiselle Coline\"},\"logo\":{\"@id\":\"https:\\\/\\\/mademoisellecoline.com\\\/wp-content\\\/uploads\\\/2024\\\/01\\\/ColineNeg.jpg\"},\"sameAs\":[\"https:\\\/\\\/www.facebook.com\\\/mademoisellecoline\",\"https:\\\/\\\/www.instagram.com\\\/mademoiselle_coline\\\/\"]}]}<\/script>\n<!-- \/ Yoast SEO plugin. -->","yoast_head_json":{"title":"Bijoux artisanaux \u00e9thiques Barcelona Paris | Mademoiselle Coline","description":"Collection de bijoux artisanaux \u00e9thiques et organiques. M\u00e9taux recycl\u00e9s \u00e9cologiques. Entre Barcelone et Paris.","robots":{"index":"index","follow":"follow","max-snippet":"max-snippet:-1","max-image-preview":"max-image-preview:large","max-video-preview":"max-video-preview:-1"},"canonical":"https:\/\/mademoisellecoline.com\/fr\/collections-bijoux-faits-main-ethiques-2\/au-fil-du-temps\/","og_locale":"fr_FR","og_type":"article","og_title":"Bijoux artisanaux \u00e9thiques Barcelona Paris | Mademoiselle Coline","og_description":"Collection de bijoux artisanaux \u00e9thiques et organiques. M\u00e9taux recycl\u00e9s \u00e9cologiques. Entre Barcelone et Paris.","og_url":"https:\/\/mademoisellecoline.com\/fr\/collections-bijoux-faits-main-ethiques-2\/au-fil-du-temps\/","og_site_name":"Mademoiselle Coline","article_publisher":"https:\/\/www.facebook.com\/mademoisellecoline","article_modified_time":"2024-06-11T10:44:19+00:00","og_image":[{"width":1320,"height":990,"url":"https:\/\/mademoisellecoline.com\/wp-content\/uploads\/2023\/11\/faitmain-bijoux-handmade-jewelry-hechaamano-joyeria-mademoiselle-coline.jpg","type":"image\/jpeg"}],"twitter_card":"summary_large_image","twitter_misc":{"Dur\u00e9e de lecture estim\u00e9e":"1 minute"},"schema":{"@context":"https:\/\/schema.org","@graph":[{"@type":"WebPage","@id":"https:\/\/mademoisellecoline.com\/fr\/collections-bijoux-faits-main-ethiques-2\/au-fil-du-temps\/","url":"https:\/\/mademoisellecoline.com\/fr\/collections-bijoux-faits-main-ethiques-2\/au-fil-du-temps\/","name":"Bijoux artisanaux \u00e9thiques Barcelona Paris | Mademoiselle Coline","isPartOf":{"@id":"https:\/\/mademoisellecoline.com\/en\/#website"},"primaryImageOfPage":{"@id":"https:\/\/mademoisellecoline.com\/fr\/collections-bijoux-faits-main-ethiques-2\/au-fil-du-temps\/#primaryimage"},"image":{"@id":"https:\/\/mademoisellecoline.com\/fr\/collections-bijoux-faits-main-ethiques-2\/au-fil-du-temps\/#primaryimage"},"thumbnailUrl":"https:\/\/mademoisellecoline.com\/wp-content\/uploads\/2023\/11\/faitmain-bijoux-handmade-jewelry-hechaamano-joyeria-mademoiselle-coline.jpg","datePublished":"2023-02-22T15:43:49+00:00","dateModified":"2024-06-11T10:44:19+00:00","description":"Collection de bijoux artisanaux \u00e9thiques et organiques. M\u00e9taux recycl\u00e9s \u00e9cologiques. Entre Barcelone et Paris.","breadcrumb":{"@id":"https:\/\/mademoisellecoline.com\/fr\/collections-bijoux-faits-main-ethiques-2\/au-fil-du-temps\/#breadcrumb"},"inLanguage":"fr-FR","potentialAction":[{"@type":"ReadAction","target":["https:\/\/mademoisellecoline.com\/fr\/collections-bijoux-faits-main-ethiques-2\/au-fil-du-temps\/"]}]},{"@type":"ImageObject","inLanguage":"fr-FR","@id":"https:\/\/mademoisellecoline.com\/fr\/collections-bijoux-faits-main-ethiques-2\/au-fil-du-temps\/#primaryimage","url":"https:\/\/mademoisellecoline.com\/wp-content\/uploads\/2023\/11\/faitmain-bijoux-handmade-jewelry-hechaamano-joyeria-mademoiselle-coline.jpg","contentUrl":"https:\/\/mademoisellecoline.com\/wp-content\/uploads\/2023\/11\/faitmain-bijoux-handmade-jewelry-hechaamano-joyeria-mademoiselle-coline.jpg","width":1320,"height":990},{"@type":"BreadcrumbList","@id":"https:\/\/mademoisellecoline.com\/fr\/collections-bijoux-faits-main-ethiques-2\/au-fil-du-temps\/#breadcrumb","itemListElement":[{"@type":"ListItem","position":1,"name":"Portada","item":"https:\/\/mademoisellecoline.com\/fr\/"},{"@type":"ListItem","position":2,"name":"Collections","item":"https:\/\/mademoisellecoline.com\/fr\/collections-bijoux-faits-main-ethiques-2\/"},{"@type":"ListItem","position":3,"name":"Collection Au Fil du Temps"}]},{"@type":"WebSite","@id":"https:\/\/mademoisellecoline.com\/en\/#website","url":"https:\/\/mademoisellecoline.com\/en\/","name":"Mademoiselle Coline","description":"Joyas delicadas, c\u00e1lidas y arm\u00f3nicas","publisher":{"@id":"https:\/\/mademoisellecoline.com\/en\/#\/schema\/person\/a87a3358725ddb0d57e86600da53e416"},"potentialAction":[{"@type":"SearchAction","target":{"@type":"EntryPoint","urlTemplate":"https:\/\/mademoisellecoline.com\/en\/?s={search_term_string}"},"query-input":{"@type":"PropertyValueSpecification","valueRequired":true,"valueName":"search_term_string"}}],"inLanguage":"fr-FR"},{"@type":["Person","Organization"],"@id":"https:\/\/mademoisellecoline.com\/en\/#\/schema\/person\/a87a3358725ddb0d57e86600da53e416","name":"Mademoiselle Coline","image":{"@type":"ImageObject","inLanguage":"fr-FR","@id":"https:\/\/mademoisellecoline.com\/wp-content\/uploads\/2024\/01\/ColineNeg.jpg","url":"https:\/\/mademoisellecoline.com\/wp-content\/uploads\/2024\/01\/ColineNeg.jpg","contentUrl":"https:\/\/mademoisellecoline.com\/wp-content\/uploads\/2024\/01\/ColineNeg.jpg","width":584,"height":349,"caption":"Mademoiselle Coline"},"logo":{"@id":"https:\/\/mademoisellecoline.com\/wp-content\/uploads\/2024\/01\/ColineNeg.jpg"},"sameAs":["https:\/\/www.facebook.com\/mademoisellecoline","https:\/\/www.instagram.com\/mademoiselle_coline\/"]}]}},"_links":{"self":[{"href":"https:\/\/mademoisellecoline.com\/fr\/wp-json\/wp\/v2\/pages\/26307","targetHints":{"allow":["GET"]}}],"collection":[{"href":"https:\/\/mademoisellecoline.com\/fr\/wp-json\/wp\/v2\/pages"}],"about":[{"href":"https:\/\/mademoisellecoline.com\/fr\/wp-json\/wp\/v2\/types\/page"}],"author":[{"embeddable":true,"href":"https:\/\/mademoisellecoline.com\/fr\/wp-json\/wp\/v2\/users\/2"}],"replies":[{"embeddable":true,"href":"https:\/\/mademoisellecoline.com\/fr\/wp-json\/wp\/v2\/comments?post=26307"}],"version-history":[{"count":5,"href":"https:\/\/mademoisellecoline.com\/fr\/wp-json\/wp\/v2\/pages\/26307\/revisions"}],"predecessor-version":[{"id":27693,"href":"https:\/\/mademoisellecoline.com\/fr\/wp-json\/wp\/v2\/pages\/26307\/revisions\/27693"}],"up":[{"embeddable":true,"href":"https:\/\/mademoisellecoline.com\/fr\/wp-json\/wp\/v2\/pages\/18011"}],"wp:featuredmedia":[{"embeddable":true,"href":"https:\/\/mademoisellecoline.com\/fr\/wp-json\/wp\/v2\/media\/31532"}],"wp:attachment":[{"href":"https:\/\/mademoisellecoline.com\/fr\/wp-json\/wp\/v2\/media?parent=26307"}],"curies":[{"name":"wp","href":"https:\/\/api.w.org\/{rel}","templated":true}]}}