{"id":22985,"date":"2021-10-21T14:45:21","date_gmt":"2021-10-21T14:45:21","guid":{"rendered":"https:\/\/mademoisellecoline.com\/?post_type=product&#038;p=22985"},"modified":"2026-04-07T13:28:03","modified_gmt":"2026-04-07T13:28:03","slug":"medaille-le-lys","status":"publish","type":"product","link":"https:\/\/mademoisellecoline.com\/fr\/produit\/medaille-le-lys\/","title":{"rendered":"M\u00e9daille  &lsquo;Le Lys&rsquo;"},"content":{"rendered":"","protected":false},"excerpt":{"rendered":"<p>Pi\u00e8ce unique de la <strong>Collection Envie du Pass\u00e9<\/strong> qui \u00e9voque les secrets du pass\u00e9. Le d\u00e9tail central de la pi\u00e8ce, serti, est un \u00e9l\u00e9ment ancien r\u00e9cup\u00e9r\u00e9 et restaur\u00e9. Une pi\u00e8ce ma\u00eetresse caract\u00e9ris\u00e9e par son style Art Nouveau, un mouvement inspir\u00e9 par la nature, et sa reproduction classique de la Fleur de Lys.<\/p>\n<p><strong>Description de la pi\u00e8ce: <\/strong><br \/>\nPi\u00e8ce unique fabriqu\u00e9e \u00e0 la main<br data-start=\"480\" data-end=\"483\" \/>Argent et or 9k \u00e9cologique recycl\u00e9 de l\u2019Union europ\u00e9enne<br data-start=\"548\" data-end=\"551\" \/>Pi\u00e8ce ancienne sertie<br data-start=\"572\" data-end=\"575\" \/>Cha\u00eene en argent oxyd\u00e9<br data-start=\"606\" data-end=\"609\" \/>Diam\u00e8tre 20 mm<br data-start=\"623\" data-end=\"626\" \/>Finition mix mate et brillante<br data-start=\"656\" data-end=\"659\" \/>Longueur 50 cm<\/p>\n","protected":false},"featured_media":23273,"template":"","meta":{"_joinchat":[]},"product_brand":[],"product_cat":[447],"product_tag":[2877,3190,3203,2319,3016,3192,3021],"class_list":{"0":"post-22985","1":"product","2":"type-product","3":"status-publish","4":"has-post-thumbnail","6":"product_cat-collection-envie-du-passe","7":"product_tag-argent","8":"product_tag-bijoux-artisanaux","9":"product_tag-bijoux-faits-main","10":"product_tag-colliers-faits-main","11":"product_tag-colliers-artisanaux","12":"product_tag-pieces-uniques-de-bijoux-artisanaux","13":"product_tag-pieces-uniques-bijoux-faits-a-la-main","15":"first","16":"instock","17":"sold-individually","18":"taxable","19":"shipping-taxable","20":"purchasable","21":"product-type-simple"},"yoast_head":"<!-- This site is optimized with the Yoast SEO plugin v27.4 - https:\/\/yoast.com\/product\/yoast-seo-wordpress\/ -->\n<title>M\u00e9daille &#039;Le Lys&#039; | Mademoiselle Coline | Barcelona &amp; Par\u00eds<\/title>\n<meta name=\"description\" content=\"M\u00e9daille &#039;Le Lys&#039;. Cada joya, una a una, est\u00e1 hecha a mano de manera artesanal con metales reciclados en el taller de joyer\u00eda en Barcelona.\" \/>\n<meta name=\"robots\" content=\"index, follow, max-snippet:-1, max-image-preview:large, max-video-preview:-1\" \/>\n<link rel=\"canonical\" href=\"https:\/\/mademoisellecoline.com\/fr\/produit\/medaille-le-lys\/\" \/>\n<meta property=\"og:locale\" content=\"fr_FR\" \/>\n<meta property=\"og:type\" content=\"article\" \/>\n<meta property=\"og:title\" content=\"M\u00e9daille &#039;Le Lys&#039; | Mademoiselle Coline | Barcelona &amp; Par\u00eds\" \/>\n<meta property=\"og:description\" content=\"M\u00e9daille &#039;Le Lys&#039;. Cada joya, una a una, est\u00e1 hecha a mano de manera artesanal con metales reciclados en el taller de joyer\u00eda en Barcelona.\" \/>\n<meta property=\"og:url\" content=\"https:\/\/mademoisellecoline.com\/fr\/produit\/medaille-le-lys\/\" \/>\n<meta property=\"og:site_name\" content=\"Mademoiselle Coline\" \/>\n<meta property=\"article:publisher\" content=\"https:\/\/www.facebook.com\/mademoisellecoline\" \/>\n<meta property=\"article:modified_time\" content=\"2026-04-07T13:28:03+00:00\" \/>\n<meta property=\"og:image\" content=\"https:\/\/mademoisellecoline.com\/wp-content\/uploads\/2021\/10\/jewelry-oneofakind-ethique-sustainable-paris-barcelone-handmade-pendant-mademoiselle-coline.jpg\" \/>\n\t<meta property=\"og:image:width\" content=\"1500\" \/>\n\t<meta property=\"og:image:height\" content=\"1500\" \/>\n\t<meta property=\"og:image:type\" content=\"image\/jpeg\" \/>\n<meta name=\"twitter:card\" content=\"summary_large_image\" \/>\n<script type=\"application\/ld+json\" class=\"yoast-schema-graph\">{\"@context\":\"https:\\\/\\\/schema.org\",\"@graph\":[{\"@type\":\"WebPage\",\"@id\":\"https:\\\/\\\/mademoisellecoline.com\\\/fr\\\/produit\\\/medaille-le-lys\\\/\",\"url\":\"https:\\\/\\\/mademoisellecoline.com\\\/fr\\\/produit\\\/medaille-le-lys\\\/\",\"name\":\"M\u00e9daille 'Le Lys' | Mademoiselle Coline | Barcelona & Par\u00eds\",\"isPartOf\":{\"@id\":\"https:\\\/\\\/mademoisellecoline.com\\\/en\\\/#website\"},\"primaryImageOfPage\":{\"@id\":\"https:\\\/\\\/mademoisellecoline.com\\\/fr\\\/produit\\\/medaille-le-lys\\\/#primaryimage\"},\"image\":{\"@id\":\"https:\\\/\\\/mademoisellecoline.com\\\/fr\\\/produit\\\/medaille-le-lys\\\/#primaryimage\"},\"thumbnailUrl\":\"https:\\\/\\\/mademoisellecoline.com\\\/wp-content\\\/uploads\\\/2021\\\/10\\\/jewelry-oneofakind-ethique-sustainable-paris-barcelone-handmade-pendant-mademoiselle-coline.jpg\",\"datePublished\":\"2021-10-21T14:45:21+00:00\",\"dateModified\":\"2026-04-07T13:28:03+00:00\",\"description\":\"M\u00e9daille 'Le Lys'. Cada joya, una a una, est\u00e1 hecha a mano de manera artesanal con metales reciclados en el taller de joyer\u00eda en Barcelona.\",\"breadcrumb\":{\"@id\":\"https:\\\/\\\/mademoisellecoline.com\\\/fr\\\/produit\\\/medaille-le-lys\\\/#breadcrumb\"},\"inLanguage\":\"fr-FR\",\"potentialAction\":[{\"@type\":\"ReadAction\",\"target\":[\"https:\\\/\\\/mademoisellecoline.com\\\/fr\\\/produit\\\/medaille-le-lys\\\/\"]}]},{\"@type\":\"ImageObject\",\"inLanguage\":\"fr-FR\",\"@id\":\"https:\\\/\\\/mademoisellecoline.com\\\/fr\\\/produit\\\/medaille-le-lys\\\/#primaryimage\",\"url\":\"https:\\\/\\\/mademoisellecoline.com\\\/wp-content\\\/uploads\\\/2021\\\/10\\\/jewelry-oneofakind-ethique-sustainable-paris-barcelone-handmade-pendant-mademoiselle-coline.jpg\",\"contentUrl\":\"https:\\\/\\\/mademoisellecoline.com\\\/wp-content\\\/uploads\\\/2021\\\/10\\\/jewelry-oneofakind-ethique-sustainable-paris-barcelone-handmade-pendant-mademoiselle-coline.jpg\",\"width\":1500,\"height\":1500,\"caption\":\"Pendentif rond en argent avec d\u00e9tail ancien de fleur de lys\"},{\"@type\":\"BreadcrumbList\",\"@id\":\"https:\\\/\\\/mademoisellecoline.com\\\/fr\\\/produit\\\/medaille-le-lys\\\/#breadcrumb\",\"itemListElement\":[{\"@type\":\"ListItem\",\"position\":1,\"name\":\"Portada\",\"item\":\"https:\\\/\\\/mademoisellecoline.com\\\/fr\\\/\"},{\"@type\":\"ListItem\",\"position\":2,\"name\":\"Bijouterie artisanale\",\"item\":\"https:\\\/\\\/mademoisellecoline.com\\\/fr\\\/boutique-bijouterie-artisanale\\\/\"},{\"@type\":\"ListItem\",\"position\":3,\"name\":\"M\u00e9daille &#8216;Le Lys&#8217;\"}]},{\"@type\":\"WebSite\",\"@id\":\"https:\\\/\\\/mademoisellecoline.com\\\/en\\\/#website\",\"url\":\"https:\\\/\\\/mademoisellecoline.com\\\/en\\\/\",\"name\":\"Mademoiselle Coline\",\"description\":\"Joyas delicadas, c\u00e1lidas y arm\u00f3nicas\",\"publisher\":{\"@id\":\"https:\\\/\\\/mademoisellecoline.com\\\/en\\\/#\\\/schema\\\/person\\\/a87a3358725ddb0d57e86600da53e416\"},\"potentialAction\":[{\"@type\":\"SearchAction\",\"target\":{\"@type\":\"EntryPoint\",\"urlTemplate\":\"https:\\\/\\\/mademoisellecoline.com\\\/en\\\/?s={search_term_string}\"},\"query-input\":{\"@type\":\"PropertyValueSpecification\",\"valueRequired\":true,\"valueName\":\"search_term_string\"}}],\"inLanguage\":\"fr-FR\"},{\"@type\":[\"Person\",\"Organization\"],\"@id\":\"https:\\\/\\\/mademoisellecoline.com\\\/en\\\/#\\\/schema\\\/person\\\/a87a3358725ddb0d57e86600da53e416\",\"name\":\"Mademoiselle Coline\",\"image\":{\"@type\":\"ImageObject\",\"inLanguage\":\"fr-FR\",\"@id\":\"https:\\\/\\\/mademoisellecoline.com\\\/wp-content\\\/uploads\\\/2024\\\/01\\\/ColineNeg.jpg\",\"url\":\"https:\\\/\\\/mademoisellecoline.com\\\/wp-content\\\/uploads\\\/2024\\\/01\\\/ColineNeg.jpg\",\"contentUrl\":\"https:\\\/\\\/mademoisellecoline.com\\\/wp-content\\\/uploads\\\/2024\\\/01\\\/ColineNeg.jpg\",\"width\":584,\"height\":349,\"caption\":\"Mademoiselle Coline\"},\"logo\":{\"@id\":\"https:\\\/\\\/mademoisellecoline.com\\\/wp-content\\\/uploads\\\/2024\\\/01\\\/ColineNeg.jpg\"},\"sameAs\":[\"https:\\\/\\\/www.facebook.com\\\/mademoisellecoline\",\"https:\\\/\\\/www.instagram.com\\\/mademoiselle_coline\\\/\"]}]}<\/script>\n<!-- \/ Yoast SEO plugin. -->","yoast_head_json":{"title":"M\u00e9daille 'Le Lys' | Mademoiselle Coline | Barcelona & Par\u00eds","description":"M\u00e9daille 'Le Lys'. Cada joya, una a una, est\u00e1 hecha a mano de manera artesanal con metales reciclados en el taller de joyer\u00eda en Barcelona.","robots":{"index":"index","follow":"follow","max-snippet":"max-snippet:-1","max-image-preview":"max-image-preview:large","max-video-preview":"max-video-preview:-1"},"canonical":"https:\/\/mademoisellecoline.com\/fr\/produit\/medaille-le-lys\/","og_locale":"fr_FR","og_type":"article","og_title":"M\u00e9daille 'Le Lys' | Mademoiselle Coline | Barcelona & Par\u00eds","og_description":"M\u00e9daille 'Le Lys'. Cada joya, una a una, est\u00e1 hecha a mano de manera artesanal con metales reciclados en el taller de joyer\u00eda en Barcelona.","og_url":"https:\/\/mademoisellecoline.com\/fr\/produit\/medaille-le-lys\/","og_site_name":"Mademoiselle Coline","article_publisher":"https:\/\/www.facebook.com\/mademoisellecoline","article_modified_time":"2026-04-07T13:28:03+00:00","og_image":[{"width":1500,"height":1500,"url":"https:\/\/mademoisellecoline.com\/wp-content\/uploads\/2021\/10\/jewelry-oneofakind-ethique-sustainable-paris-barcelone-handmade-pendant-mademoiselle-coline.jpg","type":"image\/jpeg"}],"twitter_card":"summary_large_image","schema":{"@context":"https:\/\/schema.org","@graph":[{"@type":"WebPage","@id":"https:\/\/mademoisellecoline.com\/fr\/produit\/medaille-le-lys\/","url":"https:\/\/mademoisellecoline.com\/fr\/produit\/medaille-le-lys\/","name":"M\u00e9daille 'Le Lys' | Mademoiselle Coline | Barcelona & Par\u00eds","isPartOf":{"@id":"https:\/\/mademoisellecoline.com\/en\/#website"},"primaryImageOfPage":{"@id":"https:\/\/mademoisellecoline.com\/fr\/produit\/medaille-le-lys\/#primaryimage"},"image":{"@id":"https:\/\/mademoisellecoline.com\/fr\/produit\/medaille-le-lys\/#primaryimage"},"thumbnailUrl":"https:\/\/mademoisellecoline.com\/wp-content\/uploads\/2021\/10\/jewelry-oneofakind-ethique-sustainable-paris-barcelone-handmade-pendant-mademoiselle-coline.jpg","datePublished":"2021-10-21T14:45:21+00:00","dateModified":"2026-04-07T13:28:03+00:00","description":"M\u00e9daille 'Le Lys'. Cada joya, una a una, est\u00e1 hecha a mano de manera artesanal con metales reciclados en el taller de joyer\u00eda en Barcelona.","breadcrumb":{"@id":"https:\/\/mademoisellecoline.com\/fr\/produit\/medaille-le-lys\/#breadcrumb"},"inLanguage":"fr-FR","potentialAction":[{"@type":"ReadAction","target":["https:\/\/mademoisellecoline.com\/fr\/produit\/medaille-le-lys\/"]}]},{"@type":"ImageObject","inLanguage":"fr-FR","@id":"https:\/\/mademoisellecoline.com\/fr\/produit\/medaille-le-lys\/#primaryimage","url":"https:\/\/mademoisellecoline.com\/wp-content\/uploads\/2021\/10\/jewelry-oneofakind-ethique-sustainable-paris-barcelone-handmade-pendant-mademoiselle-coline.jpg","contentUrl":"https:\/\/mademoisellecoline.com\/wp-content\/uploads\/2021\/10\/jewelry-oneofakind-ethique-sustainable-paris-barcelone-handmade-pendant-mademoiselle-coline.jpg","width":1500,"height":1500,"caption":"Pendentif rond en argent avec d\u00e9tail ancien de fleur de lys"},{"@type":"BreadcrumbList","@id":"https:\/\/mademoisellecoline.com\/fr\/produit\/medaille-le-lys\/#breadcrumb","itemListElement":[{"@type":"ListItem","position":1,"name":"Portada","item":"https:\/\/mademoisellecoline.com\/fr\/"},{"@type":"ListItem","position":2,"name":"Bijouterie artisanale","item":"https:\/\/mademoisellecoline.com\/fr\/boutique-bijouterie-artisanale\/"},{"@type":"ListItem","position":3,"name":"M\u00e9daille &#8216;Le Lys&#8217;"}]},{"@type":"WebSite","@id":"https:\/\/mademoisellecoline.com\/en\/#website","url":"https:\/\/mademoisellecoline.com\/en\/","name":"Mademoiselle Coline","description":"Joyas delicadas, c\u00e1lidas y arm\u00f3nicas","publisher":{"@id":"https:\/\/mademoisellecoline.com\/en\/#\/schema\/person\/a87a3358725ddb0d57e86600da53e416"},"potentialAction":[{"@type":"SearchAction","target":{"@type":"EntryPoint","urlTemplate":"https:\/\/mademoisellecoline.com\/en\/?s={search_term_string}"},"query-input":{"@type":"PropertyValueSpecification","valueRequired":true,"valueName":"search_term_string"}}],"inLanguage":"fr-FR"},{"@type":["Person","Organization"],"@id":"https:\/\/mademoisellecoline.com\/en\/#\/schema\/person\/a87a3358725ddb0d57e86600da53e416","name":"Mademoiselle Coline","image":{"@type":"ImageObject","inLanguage":"fr-FR","@id":"https:\/\/mademoisellecoline.com\/wp-content\/uploads\/2024\/01\/ColineNeg.jpg","url":"https:\/\/mademoisellecoline.com\/wp-content\/uploads\/2024\/01\/ColineNeg.jpg","contentUrl":"https:\/\/mademoisellecoline.com\/wp-content\/uploads\/2024\/01\/ColineNeg.jpg","width":584,"height":349,"caption":"Mademoiselle Coline"},"logo":{"@id":"https:\/\/mademoisellecoline.com\/wp-content\/uploads\/2024\/01\/ColineNeg.jpg"},"sameAs":["https:\/\/www.facebook.com\/mademoisellecoline","https:\/\/www.instagram.com\/mademoiselle_coline\/"]}]}},"_links":{"self":[{"href":"https:\/\/mademoisellecoline.com\/fr\/wp-json\/wp\/v2\/product\/22985","targetHints":{"allow":["GET"]}}],"collection":[{"href":"https:\/\/mademoisellecoline.com\/fr\/wp-json\/wp\/v2\/product"}],"about":[{"href":"https:\/\/mademoisellecoline.com\/fr\/wp-json\/wp\/v2\/types\/product"}],"wp:featuredmedia":[{"embeddable":true,"href":"https:\/\/mademoisellecoline.com\/fr\/wp-json\/wp\/v2\/media\/23273"}],"wp:attachment":[{"href":"https:\/\/mademoisellecoline.com\/fr\/wp-json\/wp\/v2\/media?parent=22985"}],"wp:term":[{"taxonomy":"product_brand","embeddable":true,"href":"https:\/\/mademoisellecoline.com\/fr\/wp-json\/wp\/v2\/product_brand?post=22985"},{"taxonomy":"product_cat","embeddable":true,"href":"https:\/\/mademoisellecoline.com\/fr\/wp-json\/wp\/v2\/product_cat?post=22985"},{"taxonomy":"product_tag","embeddable":true,"href":"https:\/\/mademoisellecoline.com\/fr\/wp-json\/wp\/v2\/product_tag?post=22985"}],"curies":[{"name":"wp","href":"https:\/\/api.w.org\/{rel}","templated":true}]}}